{"id":2491,"date":"2024-03-02T15:10:34","date_gmt":"2024-03-02T15:10:34","guid":{"rendered":"https:\/\/olivergather.de\/?page_id=2491"},"modified":"2024-03-02T17:22:10","modified_gmt":"2024-03-02T17:22:10","slug":"vita","status":"publish","type":"page","link":"https:\/\/olivergather.de\/de\/vita\/","title":{"rendered":"Vita"},"content":{"rendered":"<p><strong>Fragen nach dem Wohnumfeld<\/strong>, filmische Milieustudien, ortsspezifische Installationen und Interventionen: das k\u00fcnstlerische Spektrum von Oliver Gather kreist immer wieder um das menschliche Miteinander und die visuellen Formen dazu. Seit l\u00e4ngerem ist der D\u00fcsseldorfer K\u00fcnstler in seiner Heimatstadt mit dem Worringer Platz besch\u00e4ftigt, auf dem ein Glaspavillon kulturelle Impulse in das ruppige, bahnhofsnahe Umfeld bringt. 2021 wurde sein Film \u201eHochsitzen\u201c (2019) auf den Oberhausener Kurzfilmtagen ausgezeichnet; charakteristisch f\u00fcr Gathers Arbeitsweise, besch\u00e4ftigt sich das Video mit J\u00e4gern, deren T\u00e4tigkeiten und Moralvorstellungen &#8211; und h\u00e4lt dabei eine ausgewogene Balance zwischen ernsthafter, interessierter N\u00e4he und distanzierter Inszenierung. Eine skulpturale Hauptrolle dabei spielen zwei zwillingshaft aufeinander bezogene Hochsitze. \u00dcberraschenderweise begleitet der 1963 geborene und an der Hochschule D\u00fcsseldorf Lehrende viele seiner Projekte mit verf\u00fchrerisch leicht aquarellierten Zeichnungen. <br \/>\n(Dr. Johannes Stahl)<\/p>\n<p><img loading=\"lazy\" decoding=\"async\" class=\"wp-image-2256 size-medium alignleft\" src=\"https:\/\/olivergather.de\/wp-content\/uploads\/2024\/01\/portrait-300x271.jpg\" alt=\"\" width=\"300\" height=\"271\" srcset=\"https:\/\/olivergather.de\/wp-content\/uploads\/2024\/01\/portrait-300x271.jpg 300w, https:\/\/olivergather.de\/wp-content\/uploads\/2024\/01\/portrait-1024x926.jpg 1024w, https:\/\/olivergather.de\/wp-content\/uploads\/2024\/01\/portrait-768x694.jpg 768w, https:\/\/olivergather.de\/wp-content\/uploads\/2024\/01\/portrait.jpg 1117w\" sizes=\"auto, (max-width: 300px) 100vw, 300px\" \/><\/p>\n<p>&nbsp;<\/p>\n<table style=\"border-collapse: collapse; width: 100%; height: 240px;\">\n<tbody>\n<tr>\n<td style=\"width: 13.1824%;\">seit 2017<\/td>\n<td style=\"width: 86.8176%;\">hauptamtlich lehrend an der HSD D\u00fcsseldorf, Kultur-\u00c4sthetik-Medien<\/td>\n<\/tr>\n<tr style=\"height: 24px;\">\n<td style=\"width: 13.1824%; height: 24px;\">2015 &#8211; 2017<\/td>\n<td style=\"width: 86.8176%; height: 24px;\">k\u00fcnstlerischer Mitarbeiter, Lehrgebiet Darstellen und Gestalten, Bergische Universit\u00e4t Wuppertal<\/td>\n<\/tr>\n<tr style=\"height: 24px;\">\n<td style=\"width: 13.1824%; height: 24px;\">seit 2010<\/td>\n<td style=\"width: 86.8176%; height: 24px;\">zahlreiche Lehrauftr\u00e4ge (HS-OWL Detmold, Bergische Universit\u00e4t Wuppertal, Hochschule D\u00fcsseldorf)<\/td>\n<\/tr>\n<tr style=\"height: 24px;\">\n<td style=\"width: 13.1824%; height: 24px;\">seit 2008<\/td>\n<td style=\"width: 86.8176%; height: 24px;\">Kurator f\u00fcr das Kulturamt der Stadt D\u00fcsseldorf<\/td>\n<\/tr>\n<tr style=\"height: 24px;\">\n<td style=\"width: 13.1824%; height: 24px;\">2005 &#8211; 2006<\/td>\n<td style=\"width: 86.8176%; height: 24px;\">Gastdozent an der HMT Z\u00fcrich<\/td>\n<\/tr>\n<tr style=\"height: 24px;\">\n<td style=\"width: 13.1824%; height: 24px;\">1991 &#8211; 1992<\/td>\n<td style=\"width: 86.8176%; height: 24px;\">Assistenz bei Remy Zaugg, Basel<\/td>\n<\/tr>\n<tr style=\"height: 24px;\">\n<td style=\"width: 13.1824%; height: 24px;\">1991<\/td>\n<td style=\"width: 86.8176%; height: 24px;\">Meistersch\u00fcler<\/td>\n<\/tr>\n<tr style=\"height: 24px;\">\n<td style=\"width: 13.1824%; height: 24px;\">1985 &#8211; 1991<\/td>\n<td style=\"width: 86.8176%; height: 24px;\">Studium der Bildhauerei an der Kunstakademie D\u00fcsseldorf bei Ulrich R\u00fcckriem und Toni Cragg<\/td>\n<\/tr>\n<tr style=\"height: 24px;\">\n<td style=\"width: 13.1824%; height: 24px;\">1963<\/td>\n<td style=\"width: 86.8176%; height: 24px;\">geboren in D\u00fcsseldorf<\/td>\n<\/tr>\n<\/tbody>\n<\/table>\n<div>\u00a0<\/div>\n<p class=\"vita-ueberschriften\">Auszeichnung \/ Stipendien<\/p>\n<table style=\"border-collapse: collapse; width: 98.0994%; height: 370px;\">\n<tbody>\n<tr>\n<td style=\"width: 13.0024%;\">2022 &#8211; 2024<\/td>\n<td style=\"width: 86.9976%;\">Stadtbild.Interventionen Pulheim<\/td>\n<\/tr>\n<tr>\n<td style=\"width: 13.0024%;\">2021<\/td>\n<td style=\"width: 86.9976%;\">Stadtbesetzung, Kultursekretariat G\u00fctersloh<\/td>\n<\/tr>\n<tr>\n<td style=\"width: 13.0024%;\">2020<\/td>\n<td style=\"width: 86.9976%;\">Projektstipendium Stiftung K\u00fcnstlerdorf Sch\u00f6ppingen<\/td>\n<\/tr>\n<tr>\n<td style=\"width: 13.0024%;\">2019<\/td>\n<td style=\"width: 86.9976%;\">Werkstipendium \u201eSteam &amp; Haze im Rahmen des Projekts \u201eNeuland\u201c, Montag Stiftung Kunst und Gesellschaft, Bonn<\/td>\n<\/tr>\n<tr style=\"height: 24px;\">\n<td style=\"width: 13.0024%; height: 24px;\">2017<\/td>\n<td style=\"width: 86.9976%; height: 24px;\">Projektstipendium KunstKommunikation, Kunsthaus Kloster Gravenhorst, H\u00f6rstel<\/td>\n<\/tr>\n<tr style=\"height: 24px;\">\n<td style=\"width: 13.0024%; height: 24px;\">2016<\/td>\n<td style=\"width: 86.9976%; height: 24px;\">Werkstipendium Onomato, D\u00fcsseldorf<\/td>\n<\/tr>\n<tr style=\"height: 24px;\">\n<td style=\"width: 13.0024%; height: 24px;\">2014<\/td>\n<td style=\"width: 86.9976%; height: 24px;\">Projektstipendium KunstKommunikation, Kunsthaus Kloster Gravenhorst, H\u00f6rstel<\/td>\n<\/tr>\n<tr style=\"height: 24px;\">\n<td style=\"width: 13.0024%; height: 24px;\">2013<\/td>\n<td style=\"width: 86.9976%; height: 24px;\">2.Preis k\u00fcnstlerischer Realisierungswettbewerb \u201cFu\u00dfwegeverbindung H\u00fcgelstra\u00dfe\u201d, Wuppertal<\/td>\n<\/tr>\n<tr style=\"height: 24px;\">\n<td style=\"width: 13.0024%; height: 24px;\">2009<\/td>\n<td style=\"width: 86.9976%; height: 24px;\">1.Preis k\u00fcnstlerischer Realisierungswettbewerb \u201cEhemalige Synagoge Universit\u00e4tsstra\u00dfe\u201d, Marburg<\/td>\n<\/tr>\n<tr style=\"height: 48px;\">\n<td style=\"width: 13.0024%; height: 48px;\">2008<\/td>\n<td style=\"width: 86.9976%; height: 48px;\">Gewinner des Wettbewerbs \u201cWasserzeichen\u201d, Kunstmuseum M\u00fclheim<br \/>\n1.Preis Realisierungswettbewerb zur Neugestaltung des Oberbilker Markts, D\u00fcsseldorf<\/td>\n<\/tr>\n<tr style=\"height: 24px;\">\n<td style=\"width: 13.0024%; height: 24px;\">2007<\/td>\n<td style=\"width: 86.9976%; height: 24px;\">Reisestipendium Shetland, Shetland Arts Reisestipendium Glasgow, Wasps Studios Glasgow<\/td>\n<\/tr>\n<tr style=\"height: 24px;\">\n<td style=\"width: 13.0024%; height: 24px;\">2003<\/td>\n<td style=\"width: 86.9976%; height: 24px;\">Robert-Jungk-Preis f\u00fcr die stadtr\u00e4umlichen Interventionen \u201eLibrarium\u201c und \u201efr\u00fchbeet\u201c<\/td>\n<\/tr>\n<tr style=\"height: 24px;\">\n<td style=\"width: 13.0024%; height: 24px;\">1992<\/td>\n<td style=\"width: 86.9976%; height: 24px;\">Kunstfonds Bonn, einj\u00e4hriges Arbeitsstipendium<\/td>\n<\/tr>\n<\/tbody>\n<\/table>\n<p>&nbsp;<\/p>\n<p class=\"vita-ueberschriften\">Projekte<\/p>\n<table style=\"border-collapse: collapse; width: 100%; height: 624px;\">\n<tbody>\n<tr>\n<td style=\"width: 12.5296%;\">2022 &#8211; 2024<\/td>\n<td style=\"width: 87.4704%;\">\n<p>Der Schmuckeremit im Edelsteingarten, Pulheim<\/p>\n<\/td>\n<\/tr>\n<tr style=\"height: 96px;\">\n<td style=\"width: 12.5296%; height: 96px;\">2019<\/td>\n<td style=\"width: 87.4704%; height: 96px;\">\n<p>Hoch Sitzen<br \/>\nKunstverein Battenberg<\/p>\n<p>&nbsp;<\/p>\n<p>Dampf und Dunst \/ Steam and Haze<br \/>\nM\u00f6nchenglasbach Rheydt, Unterst\u00fctzt von der Montag Stiftung Kunst und Gesellschaft<\/p>\n<\/td>\n<\/tr>\n<tr style=\"height: 48px;\">\n<td style=\"width: 12.5296%; height: 48px;\">2018<\/td>\n<td style=\"width: 87.4704%; height: 48px;\">Die kleine Bucht, vom Ufer aus kaum wahrzunehmen<br \/>\nK\u00fcnstlergut Loitz<\/td>\n<\/tr>\n<tr style=\"height: 120px;\">\n<td style=\"width: 12.5296%; height: 120px;\">2017<\/td>\n<td style=\"width: 87.4704%; height: 120px;\">\n<p>Nische Nachtigall<br \/>\nInstallation im ehemaligen Gep\u00e4cktunnel, Bhf Vohwinkel<\/p>\n<p>&nbsp;<\/p>\n<p>Tempus Fugit<br \/>\nRaum der Stille, Domforum K\u00f6ln<\/p>\n<p>&nbsp;<\/p>\n<p>Kacheln 10qm, K\u00f6ln<\/p>\n<\/td>\n<\/tr>\n<tr style=\"height: 48px;\">\n<td style=\"width: 12.5296%; height: 48px;\">2016<\/td>\n<td style=\"width: 87.4704%; height: 48px;\">Oliver Gather \u2013 wohnen abschreiten sortieren<br \/>\nNeuer Kunstverein Wuppertal<\/td>\n<\/tr>\n<tr style=\"height: 72px;\">\n<td style=\"width: 12.5296%; height: 72px;\">2015<\/td>\n<td style=\"width: 87.4704%; height: 72px;\">Hadestour \u2013 Eine Schiffsfahrt zu den letzten Dingen<br \/>\nperformative Installation auf dem Bestattungsschiff MS Geestem\u00fcnde zusammen mit Stefan Nolte. Stadttheater Bremerhaven, Theaterpreis des Bundes 2015<\/td>\n<\/tr>\n<tr style=\"height: 120px;\">\n<td style=\"width: 12.5296%; height: 120px;\">2014<\/td>\n<td style=\"width: 87.4704%; height: 120px;\">\n<p>Selbst<br \/>\nim Rahmen des Projektstipendiums KunstKommunikation, Kunsthaus Kloster Gravenhorst, H\u00f6rstel<\/p>\n<p>&nbsp;<\/p>\n<p>\nSchwarz Wald Stra\u00dfe<br \/>\nFreiburg, Schwarzwaldstra\u00dfe, Theater Freiburg<\/p>\n<\/td>\n<\/tr>\n<tr style=\"height: 96px;\">\n<td style=\"width: 12.5296%; height: 96px;\">2013<\/td>\n<td style=\"width: 87.4704%; height: 96px;\">\n<p>Gasthof Worringer Platz<br \/>\nD\u00fcsseldorf, Worringer Platz und Nachbarschaften.<\/p>\n<p>&nbsp;<\/p>\n<p>\nEIN \u2013 1.3. Oliver Gather im Neuen Kunstverein<br \/>\nWuppertal Neuer Kunstverein Wuppertal<\/p>\n<\/td>\n<\/tr>\n<\/tbody>\n<\/table>\n","protected":false},"excerpt":{"rendered":"<p>Fragen nach dem Wohnumfeld, filmische Milieustudien, ortsspezifische Installationen und Interventionen: das k\u00fcnstlerische Spektrum von Oliver Gather kreist immer wieder um das menschliche Miteinander und die visuellen Formen dazu. Seit l\u00e4ngerem ist der D\u00fcsseldorfer K\u00fcnstler in seiner Heimatstadt mit dem Worringer Platz besch\u00e4ftigt, auf dem ein Glaspavillon kulturelle Impulse in das ruppige, bahnhofsnahe Umfeld bringt. 2021 [&hellip;]<\/p>\n","protected":false},"author":6,"featured_media":0,"parent":0,"menu_order":12,"comment_status":"closed","ping_status":"closed","template":"","meta":{"_acf_changed":false,"footnotes":""},"class_list":["post-2491","page","type-page","status-publish","hentry"],"acf":[],"_links":{"self":[{"href":"https:\/\/olivergather.de\/de\/wp-json\/wp\/v2\/pages\/2491","targetHints":{"allow":["GET"]}}],"collection":[{"href":"https:\/\/olivergather.de\/de\/wp-json\/wp\/v2\/pages"}],"about":[{"href":"https:\/\/olivergather.de\/de\/wp-json\/wp\/v2\/types\/page"}],"author":[{"embeddable":true,"href":"https:\/\/olivergather.de\/de\/wp-json\/wp\/v2\/users\/6"}],"replies":[{"embeddable":true,"href":"https:\/\/olivergather.de\/de\/wp-json\/wp\/v2\/comments?post=2491"}],"version-history":[{"count":9,"href":"https:\/\/olivergather.de\/de\/wp-json\/wp\/v2\/pages\/2491\/revisions"}],"predecessor-version":[{"id":2504,"href":"https:\/\/olivergather.de\/de\/wp-json\/wp\/v2\/pages\/2491\/revisions\/2504"}],"wp:attachment":[{"href":"https:\/\/olivergather.de\/de\/wp-json\/wp\/v2\/media?parent=2491"}],"curies":[{"name":"wp","href":"https:\/\/api.w.org\/{rel}","templated":true}]}}